{"id":482,"date":"2025-12-24T04:35:38","date_gmt":"2025-12-24T03:35:38","guid":{"rendered":"https:\/\/casavanwik.es\/?post_type=property&#038;p=482"},"modified":"2026-01-14T20:36:39","modified_gmt":"2026-01-14T19:36:39","slug":"bioko-cabo-roig-r222","status":"publish","type":"property","link":"https:\/\/casavanwik.es\/pl\/wlasnosc\/bioko-cabo-roig-r222\/","title":{"rendered":"BIOKO CABO ROIG - R222"},"content":{"rendered":"<figure class=\"wp-block-gallery has-nested-images columns-default is-cropped wp-block-gallery-1 is-layout-flex wp-block-gallery-is-layout-flex\">\n<figure class=\"wp-block-image size-large\"><img decoding=\"async\" data-id=\"430\" src=\"http:\/\/casavanwik.es\/wp-content\/uploads\/2025\/12\/2151769183.jpg\" alt=\"\" class=\"wp-image-430\"\/><\/figure>\n\n\n\n<figure class=\"wp-block-image size-large\"><img decoding=\"async\" data-id=\"431\" src=\"http:\/\/casavanwik.es\/wp-content\/uploads\/2025\/12\/2151977261.jpg\" alt=\"\" class=\"wp-image-431\"\/><\/figure>\n\n\n\n<figure class=\"wp-block-image size-large\"><img decoding=\"async\" data-id=\"429\" src=\"http:\/\/casavanwik.es\/wp-content\/uploads\/2025\/12\/15687.jpg\" alt=\"\" class=\"wp-image-429\"\/><\/figure>\n\n\n\n<figure class=\"wp-block-image size-large\"><img decoding=\"async\" data-id=\"68\" src=\"http:\/\/casavanwik.es\/wp-content\/uploads\/2025\/09\/photo-1670718668686-0d0cedbbfc9c-1024x768.jpeg\" alt=\"\" class=\"wp-image-68\"\/><\/figure>\n\n\n\n<figure class=\"wp-block-image size-large\"><img decoding=\"async\" data-id=\"71\" src=\"http:\/\/casavanwik.es\/wp-content\/uploads\/2025\/09\/photo-1622015663381-d2e05ae91b72-1024x529.jpeg\" alt=\"\" class=\"wp-image-71\"\/><\/figure>\n\n\n\n<figure class=\"wp-block-image size-large\"><img decoding=\"async\" data-id=\"72\" src=\"http:\/\/casavanwik.es\/wp-content\/uploads\/2025\/09\/photo-1622015663319-e97e697503ee-1024x552.jpeg\" alt=\"\" class=\"wp-image-72\"\/><\/figure>\n<\/figure>\n\n\n\n<p class=\"wp-block-paragraph\">Nowoczesny apartament BIOKO po\u0142o\u017cony jest w sercu Cabo Roig, jednej z najbardziej presti\u017cowych cz\u0119\u015bci Orihuela Costa. To idealne miejsce na wakacje, zaledwie kilka minut spacerem od pla\u017cy La Caleta oraz promenady pe\u0142nej restauracji i kawiarni.<\/p>\n\n\n\n<p class=\"wp-block-paragraph\">Apartament oferuje przestronny salon z wyj\u015bciem na taras z widokiem na basen, w pe\u0142ni wyposa\u017con\u0105 kuchni\u0119, dwie komfortowe sypialnie oraz dwie \u0142azienki. Wn\u0119trze urz\u0105dzone jest w nowoczesnym stylu z dba\u0142o\u015bci\u0105 o detale, zapewniaj\u0105c maksymalny komfort.<\/p>\n\n\n\n<p class=\"wp-block-paragraph\">Go\u015bcie maj\u0105 do dyspozycji prywatny gara\u017c, szybkie Wi-Fi, klimatyzacj\u0119 oraz dost\u0119p do wsp\u00f3lnego basenu i strefy relaksu. Idealna propozycja dla rodzin i par, kt\u00f3re szukaj\u0105 spokoju, elegancji i blisko\u015bci morza.<\/p>\n\n\n\n<p class=\"wp-block-paragraph\">Apartament oferuje przestronny salon z wyj\u015bciem na taras z widokiem na basen, w pe\u0142ni wyposa\u017con\u0105 kuchni\u0119, dwie komfortowe sypialnie oraz dwie \u0142azienki. Wn\u0119trze urz\u0105dzone jest w nowoczesnym stylu z dba\u0142o\u015bci\u0105 o detale, zapewniaj\u0105c maksymalny komfort.<\/p>\n\n\n\n<p class=\"wp-block-paragraph\">Go\u015bcie maj\u0105 do dyspozycji prywatny gara\u017c, szybkie Wi-Fi, klimatyzacj\u0119 oraz dost\u0119p do wsp\u00f3lnego basenu i strefy relaksu. To idealna propozycja dla rodzin i par, kt\u00f3re szukaj\u0105 spokoju, elegancji i blisko\u015bci morza.<\/p>","protected":false},"excerpt":{"rendered":"<p>Nowoczesny apartament BIOKO po\u0142o\u017cony jest w sercu Cabo Roig, jednej z najbardziej presti\u017cowych cz\u0119\u015bci Orihuela Costa. To idealne miejsce na wakacje, zaledwie kilka minut spacerem od pla\u017cy La Caleta oraz promenady pe\u0142nej restauracji i kawiarni. Apartament oferuje przestronny salon z wyj\u015bciem na taras z widokiem na basen, w pe\u0142ni wyposa\u017con\u0105 kuchni\u0119, dwie komfortowe sypialnie oraz &hellip; <a href=\"https:\/\/casavanwik.es\/pl\/wlasnosc\/bioko-cabo-roig-r222\/\" class=\"more-link\">Continue reading<span class=\"screen-reader-text\"> \u00abBIOKO CABO ROIG \u2013 R222\u00bb<\/span><\/a><\/p>","protected":false},"author":1,"featured_media":0,"comment_status":"open","ping_status":"closed","template":"","location":[18],"tax_feature":[29,28,19,30,27,20,31,26,21,32,25,22,33,24,23],"class_list":["post-482","property","type-property","status-publish","hentry","location-cabo-roig","tax_feature-basen","tax_feature-internet-wifi","tax_feature-klimatyzacja","tax_feature-otwarta-kuchnia","tax_feature-parking-podziemny","tax_feature-pelne-wyposazenie","tax_feature-pierwsza-linia-brzegowa","tax_feature-salon-z-jadalnia","tax_feature-szafy-wnekowe","tax_feature-taras","tax_feature-umeblowane","tax_feature-widok-na-basen","tax_feature-widok-na-morze","tax_feature-winda","tax_feature-wysoki-standard","epl-status-current"],"yoast_head":"<!-- This site is optimized with the Yoast SEO plugin v26.3 - https:\/\/yoast.com\/wordpress\/plugins\/seo\/ -->\n<title>BIOKO CABO ROIG \u2013 R222 - Casa Vanwik<\/title>\n<meta name=\"robots\" content=\"index, follow, max-snippet:-1, max-image-preview:large, max-video-preview:-1\" \/>\n<link rel=\"canonical\" href=\"https:\/\/casavanwik.es\/pl\/wlasnosc\/bioko-cabo-roig-r222\/\" \/>\n<meta property=\"og:locale\" content=\"pl_PL\" \/>\n<meta property=\"og:type\" content=\"article\" \/>\n<meta property=\"og:title\" content=\"BIOKO CABO ROIG \u2013 R222 - Casa Vanwik\" \/>\n<meta property=\"og:description\" content=\"Nowoczesny apartament BIOKO po\u0142o\u017cony jest w sercu Cabo Roig, jednej z najbardziej presti\u017cowych cz\u0119\u015bci Orihuela Costa. To idealne miejsce na wakacje, zaledwie kilka minut spacerem od pla\u017cy La Caleta oraz promenady pe\u0142nej restauracji i kawiarni. Apartament oferuje przestronny salon z wyj\u015bciem na taras z widokiem na basen, w pe\u0142ni wyposa\u017con\u0105 kuchni\u0119, dwie komfortowe sypialnie oraz &hellip; Continue reading &quot;BIOKO CABO ROIG \u2013 R222&quot;\" \/>\n<meta property=\"og:url\" content=\"https:\/\/casavanwik.es\/pl\/wlasnosc\/bioko-cabo-roig-r222\/\" \/>\n<meta property=\"og:site_name\" content=\"Casa Vanwik\" \/>\n<meta property=\"article:modified_time\" content=\"2026-01-14T19:36:39+00:00\" \/>\n<meta property=\"og:image\" content=\"https:\/\/casavanwik.es\/wp-content\/uploads\/2025\/12\/15687.jpg\" \/>\n\t<meta property=\"og:image:width\" content=\"1000\" \/>\n\t<meta property=\"og:image:height\" content=\"667\" \/>\n\t<meta property=\"og:image:type\" content=\"image\/jpeg\" \/>\n<meta name=\"twitter:card\" content=\"summary_large_image\" \/>\n<meta name=\"twitter:label1\" content=\"Szacowany czas czytania\" \/>\n\t<meta name=\"twitter:data1\" content=\"3 minuty\" \/>\n<script type=\"application\/ld+json\" class=\"yoast-schema-graph\">{\"@context\":\"https:\/\/schema.org\",\"@graph\":[{\"@type\":\"WebPage\",\"@id\":\"https:\/\/casavanwik.es\/property\/bioko-cabo-roig-r222\/\",\"url\":\"https:\/\/casavanwik.es\/property\/bioko-cabo-roig-r222\/\",\"name\":\"BIOKO CABO ROIG \u2013 R222 - Casa Vanwik\",\"isPartOf\":{\"@id\":\"https:\/\/casavanwik.es\/#website\"},\"primaryImageOfPage\":{\"@id\":\"https:\/\/casavanwik.es\/property\/bioko-cabo-roig-r222\/#primaryimage\"},\"image\":{\"@id\":\"https:\/\/casavanwik.es\/property\/bioko-cabo-roig-r222\/#primaryimage\"},\"thumbnailUrl\":\"http:\/\/casavanwik.es\/wp-content\/uploads\/2025\/12\/2151769183.jpg\",\"datePublished\":\"2025-12-24T03:35:38+00:00\",\"dateModified\":\"2026-01-14T19:36:39+00:00\",\"breadcrumb\":{\"@id\":\"https:\/\/casavanwik.es\/property\/bioko-cabo-roig-r222\/#breadcrumb\"},\"inLanguage\":\"pl-PL\",\"potentialAction\":[{\"@type\":\"ReadAction\",\"target\":[\"https:\/\/casavanwik.es\/property\/bioko-cabo-roig-r222\/\"]}]},{\"@type\":\"ImageObject\",\"inLanguage\":\"pl-PL\",\"@id\":\"https:\/\/casavanwik.es\/property\/bioko-cabo-roig-r222\/#primaryimage\",\"url\":\"http:\/\/casavanwik.es\/wp-content\/uploads\/2025\/12\/2151769183.jpg\",\"contentUrl\":\"http:\/\/casavanwik.es\/wp-content\/uploads\/2025\/12\/2151769183.jpg\"},{\"@type\":\"BreadcrumbList\",\"@id\":\"https:\/\/casavanwik.es\/property\/bioko-cabo-roig-r222\/#breadcrumb\",\"itemListElement\":[{\"@type\":\"ListItem\",\"position\":1,\"name\":\"Strona g\u0142\u00f3wna\",\"item\":\"https:\/\/casavanwik.es\/\"},{\"@type\":\"ListItem\",\"position\":2,\"name\":\"Nieruchomo\u015bci\",\"item\":\"https:\/\/casavanwik.es\/property\/\"},{\"@type\":\"ListItem\",\"position\":3,\"name\":\"BIOKO CABO ROIG \u2013 R222\"}]},{\"@type\":\"WebSite\",\"@id\":\"https:\/\/casavanwik.es\/#website\",\"url\":\"https:\/\/casavanwik.es\/\",\"name\":\"Casa Vanwik\",\"description\":\"Agencia inmobiliaria en Espa\u00f1a. Te ayudamos a comprar, vender o alquilar casas, pisos y villas con seguridad y asesoramiento integral.\",\"potentialAction\":[{\"@type\":\"SearchAction\",\"target\":{\"@type\":\"EntryPoint\",\"urlTemplate\":\"https:\/\/casavanwik.es\/?s={search_term_string}\"},\"query-input\":{\"@type\":\"PropertyValueSpecification\",\"valueRequired\":true,\"valueName\":\"search_term_string\"}}],\"inLanguage\":\"pl-PL\"}]}<\/script>\n<!-- \/ Yoast SEO plugin. -->","yoast_head_json":{"title":"BIOKO CABO ROIG \u2013 R222 - Casa Vanwik","robots":{"index":"index","follow":"follow","max-snippet":"max-snippet:-1","max-image-preview":"max-image-preview:large","max-video-preview":"max-video-preview:-1"},"canonical":"https:\/\/casavanwik.es\/pl\/wlasnosc\/bioko-cabo-roig-r222\/","og_locale":"pl_PL","og_type":"article","og_title":"BIOKO CABO ROIG \u2013 R222 - Casa Vanwik","og_description":"Nowoczesny apartament BIOKO po\u0142o\u017cony jest w sercu Cabo Roig, jednej z najbardziej presti\u017cowych cz\u0119\u015bci Orihuela Costa. To idealne miejsce na wakacje, zaledwie kilka minut spacerem od pla\u017cy La Caleta oraz promenady pe\u0142nej restauracji i kawiarni. Apartament oferuje przestronny salon z wyj\u015bciem na taras z widokiem na basen, w pe\u0142ni wyposa\u017con\u0105 kuchni\u0119, dwie komfortowe sypialnie oraz &hellip; Continue reading \"BIOKO CABO ROIG \u2013 R222\"","og_url":"https:\/\/casavanwik.es\/pl\/wlasnosc\/bioko-cabo-roig-r222\/","og_site_name":"Casa Vanwik","article_modified_time":"2026-01-14T19:36:39+00:00","og_image":[{"width":1000,"height":667,"url":"https:\/\/casavanwik.es\/wp-content\/uploads\/2025\/12\/15687.jpg","type":"image\/jpeg"}],"twitter_card":"summary_large_image","twitter_misc":{"Szacowany czas czytania":"3 minuty"},"schema":{"@context":"https:\/\/schema.org","@graph":[{"@type":"WebPage","@id":"https:\/\/casavanwik.es\/property\/bioko-cabo-roig-r222\/","url":"https:\/\/casavanwik.es\/property\/bioko-cabo-roig-r222\/","name":"BIOKO CABO ROIG \u2013 R222 - Casa Vanwik","isPartOf":{"@id":"https:\/\/casavanwik.es\/#website"},"primaryImageOfPage":{"@id":"https:\/\/casavanwik.es\/property\/bioko-cabo-roig-r222\/#primaryimage"},"image":{"@id":"https:\/\/casavanwik.es\/property\/bioko-cabo-roig-r222\/#primaryimage"},"thumbnailUrl":"http:\/\/casavanwik.es\/wp-content\/uploads\/2025\/12\/2151769183.jpg","datePublished":"2025-12-24T03:35:38+00:00","dateModified":"2026-01-14T19:36:39+00:00","breadcrumb":{"@id":"https:\/\/casavanwik.es\/property\/bioko-cabo-roig-r222\/#breadcrumb"},"inLanguage":"pl-PL","potentialAction":[{"@type":"ReadAction","target":["https:\/\/casavanwik.es\/property\/bioko-cabo-roig-r222\/"]}]},{"@type":"ImageObject","inLanguage":"pl-PL","@id":"https:\/\/casavanwik.es\/property\/bioko-cabo-roig-r222\/#primaryimage","url":"http:\/\/casavanwik.es\/wp-content\/uploads\/2025\/12\/2151769183.jpg","contentUrl":"http:\/\/casavanwik.es\/wp-content\/uploads\/2025\/12\/2151769183.jpg"},{"@type":"BreadcrumbList","@id":"https:\/\/casavanwik.es\/property\/bioko-cabo-roig-r222\/#breadcrumb","itemListElement":[{"@type":"ListItem","position":1,"name":"Strona g\u0142\u00f3wna","item":"https:\/\/casavanwik.es\/"},{"@type":"ListItem","position":2,"name":"Nieruchomo\u015bci","item":"https:\/\/casavanwik.es\/property\/"},{"@type":"ListItem","position":3,"name":"BIOKO CABO ROIG \u2013 R222"}]},{"@type":"WebSite","@id":"https:\/\/casavanwik.es\/#website","url":"https:\/\/casavanwik.es\/","name":"Vanwik House","description":"Agencja nieruchomo\u015bci w Hiszpanii. Pomagamy kupowa\u0107, sprzedawa\u0107 lub wynajmowa\u0107 domy, mieszkania i wille, zapewniaj\u0105c bezpiecze\u0144stwo i kompleksowe doradztwo.","potentialAction":[{"@type":"SearchAction","target":{"@type":"EntryPoint","urlTemplate":"https:\/\/casavanwik.es\/?s={search_term_string}"},"query-input":{"@type":"PropertyValueSpecification","valueRequired":true,"valueName":"search_term_string"}}],"inLanguage":"pl-PL"}]}},"meta":{"property_heading":"","property_office_id":"","property_agent":"","property_second_agent":"","property_agent_hide_author_box":"","property_status":"current","property_list_date":"2025-07-23","property_authority":"exclusive","property_unique_id":"R209","property_category":"Apartment","property_mod_date":"","property_images_mod_date":"","property_floorplan_mod_date":"","property_inspection_times":"","property_featured":"","property_bedrooms":"2","property_bathrooms":"2","property_toilet":"2","property_ensuite":"","property_garage":"1","property_carport":"","property_open_spaces":"","property_rooms":"","property_year_built":"","property_new_construction":"","property_pool":"yes","property_air_conditioning":"yes","property_security_system":"","property_land_area":"","property_land_area_unit":"square","property_building_area":"90","property_building_area_unit":"squareMeter","property_energy_rating":"","property_land_fully_fenced":"","property_broadband":"yes","property_built_in_robes":"yes","property_dishwasher":"","property_floor_boards":"","property_gym":"","property_intercom":"","property_pay_tv":"","property_remote_garage":"","property_rumpus_room":"","property_secure_parking":"","property_spa":"","property_study":"","property_vacuum_system":"","property_workshop":"","property_balcony":"yes","property_courtyard":"","property_deck":"","property_outdoor_entertaining":"","property_shed":"","property_tennis_court":"","property_ducted_cooling":"","property_ducted_heating":"","property_evaporative_cooling":"","property_gas_heating":"","property_hydronic_heating":"","property_open_fire_place":"","property_reverse_cycle_aircon":"","property_split_system_aircon":"yes","property_split_system_heating":"","property_address_display":"yes","property_address_sub_number":"12B","property_address_street_number":"4","property_address_street":"Calle del Mar","property_address_suburb":"Cabo Roig","property_address_state":"Comunidad Valenciana","property_address_postal_code":"03189","property_address_country":"Spain","property_address_coordinates":"37.9189, -0.7254","property_address_hide_map":"","property_price_global":"720","property_price_currency":"","property_price":"720","property_price_view":"od 720 \u20ac \/ tydzie\u0144","property_auction":"","property_price_display":"","property_under_offer":"","property_is_home_land_package":"","property_sold_price":"","property_sold_date":"","property_sold_price_display":"","property_video_url":"","property_external_link":"","property_external_link_label":"","property_external_link_2":"","property_external_link_2_label":"","property_external_link_3":"","property_external_link_3_label":"","property_com_mini_web":"","property_com_mini_web_2":"","property_floorplan":"","property_floorplan_label":"","property_floorplan_2":"","property_floorplan_2_label":"","property_energy_certificate":"","property_energy_certificate_label":"","property_owner":""},"_links":{"self":[{"href":"https:\/\/casavanwik.es\/pl\/wp-json\/wp\/v2\/property\/482","targetHints":{"allow":["GET"]}}],"collection":[{"href":"https:\/\/casavanwik.es\/pl\/wp-json\/wp\/v2\/property"}],"about":[{"href":"https:\/\/casavanwik.es\/pl\/wp-json\/wp\/v2\/types\/property"}],"author":[{"embeddable":true,"href":"https:\/\/casavanwik.es\/pl\/wp-json\/wp\/v2\/users\/1"}],"replies":[{"embeddable":true,"href":"https:\/\/casavanwik.es\/pl\/wp-json\/wp\/v2\/comments?post=482"}],"wp:attachment":[{"href":"https:\/\/casavanwik.es\/pl\/wp-json\/wp\/v2\/media?parent=482"}],"wp:term":[{"taxonomy":"location","embeddable":true,"href":"https:\/\/casavanwik.es\/pl\/wp-json\/wp\/v2\/location?post=482"},{"taxonomy":"tax_feature","embeddable":true,"href":"https:\/\/casavanwik.es\/pl\/wp-json\/wp\/v2\/tax_feature?post=482"}],"curies":[{"name":"wp","href":"https:\/\/api.w.org\/{rel}","templated":true}]}}